{"id":88,"date":"2025-12-09T10:09:09","date_gmt":"2025-12-09T10:09:09","guid":{"rendered":"https:\/\/lfv.vintech.systems\/?page_id=88"},"modified":"2025-12-09T10:39:44","modified_gmt":"2025-12-09T10:39:44","slug":"was-bisher-geschah","status":"publish","type":"page","link":"https:\/\/lfv.vintech.systems\/index.php\/was-bisher-geschah\/","title":{"rendered":"75 Jahre Landfrauen Ober-Ramstadt"},"content":{"rendered":"\n<p>Vor 5 Jahren feierten wir unser 70-j\u00e4hriges Jubil\u00e4um beim Hasenverein, mit einem gro\u00dfen R\u00fcckblick und vielen Bilder der fr\u00fcheren Jahre. Es ist unglaublich, wie schnell die Zeit vergangen ist.<br>5 Jahre, in denen die Welt sich leider ganz sch\u00f6n ver\u00e4ndert hat und Vieles passiert ist. Aber heute wollen wir Positives berichten und der Fokus liegt auf unserem Landfrauenverein.<br>Unser Verein hat Corona gut \u00fcberstanden und unsere Lieferservice Aktionen w\u00e4hrend der Pandemie u.a. auch das Kerb Caf\u00e9 -, die Weihnachtsfeier &#8211; und der Weihnachtsmarkt unnerw\u00e4gs waren w\u00e4hrend der Lockdowns echt der Hit.<br>Wir haben uns auf Abstand gesehen und gleichzeitig die Gastronomie und die Schausteller unterst\u00fctzt.<br>Auch unsere Klappstuhltreffen im Freien werden uns immer in guter Erinnerung bleiben. Da wir im Jubil\u00e4umsjahr 2019 die Mini Bienen gegr\u00fcndet haben, k\u00f6nnen wir dieses Jahr schon unser 5-j\u00e4hriges Jubil\u00e4um feiern. Bei den Kleinsten zeigte sich auch gleich schon die Tendenz, dass selbst kleine M\u00e4nner viel Interesse an den Aktivit\u00e4ten der Landfrauen haben. Ich werde sp\u00e4ter noch dar\u00fcber berichten.<br>Einige Mini Bienen sind jetzt schon Junglandfrauen und bei verschiedenen Events mit uns aktiv.<br>Gemeinsam mit den Dinn\u00e4 mit Kinn\u00e4 Kids haben wir im Jahr ca. 15 Kochtermine und sind auch in unserem Bezirk mit Kinderkochen unterwegs.<br>Die Pandemie konnte uns beim Kochen nicht bremsen. Wir haben einfach im Kessel \u00fcber offenem Feuer oder auf kleinen Herdplatten im Freien gekocht.<br>Nun aber zu uns und unserem Wachstum:<br>Wir sind in den letzten 5 Jahren von 56 auf 97 Mitglieder angewachsen. Unser j\u00fcngstes Mitglied bei den \u201egro\u00dfen\u201c Landfrauen ist 19 und unser \u00e4ltestes 90 Jahre alt.<br>Wir sind bunt gemischt und schaffen das, was Viele nicht k\u00f6nnen\u2026. Gemeinsam Jung +Alt und Alle profitieren von dieser Gemeinschaft der Generationen.<br>Nur durch dieses Miteinander k\u00f6nnen wir gro\u00dfe Landfrauen Caf\u00e9s und Veranstaltungen stemmen und auch in anderen Bereichen sehr viel bewegen.<br>Jede Frau bringt sich bei uns nach ihren F\u00e4higkeiten, Interessen und M\u00f6glichkeiten ein. Darauf bin ich wirklich stolz.<br>\u2026und jetzt kommt noch ein Highlight der letzten 5 Jahre. Wir haben auch m\u00e4nnliche Mitglieder. Nach immer mehr Anfragen und Hinweisen auf Gleichberechtigung haben wir uns entschieden, M\u00e4nner die gerne dabei sein wollen, als F\u00f6rdermitglieder in unserem Frauenverband aufzunehmen. Sie d\u00fcrfen uns nun offiziell bei unseren Veranstaltungen helfen, an Schulungen und Allen Terminen des hessischen Landfrauenverbandes, des Bezirksvereins und des Ortsvereins teilnehmen. Nur haben sie kein Stimmrecht \ud83d\ude09! Aber das sind die meisten ja schon von zuhause gew\u00f6hnt und k\u00f6nnen so sehr gut damit umgehen \ud83d\ude09. Wir haben also 4 m\u00e4nnliche F\u00f6rdermitglieder bei den Mini Bienen und 7 erwachsene m\u00e4nnliche F\u00f6rdermitglieder bei uns.<br>Nach Corona wurde auch das Miteinander der Vereine immer wichtiger. So sind wir jetzt Mitglied im Kerbverein um den Erhalt der Kerb zu sichern und weiter die Tradition zu leben. Auch in der Weihnachtsmarkt AG der Vereine sind wir mit dabei, um den Weihnachtsmarkt in Owwerrammscht zu organisieren und zu erhalten.<br>Den ONV unterst\u00fctzen wir seit letztem Jahr beim Kinderfasching mit unseren Waffeln und den Museumsverein bei seinem Museumsfest mit unserem Landfrauen Caf\u00e9. Mit dem Kinderhaus Europa haben wir schon seit Jahren einen guten Kontakt und in der Vergangenheit einige soziale Projekte organisiert.<br>Seitdem letzten Stadtlauf (9\/23) unterst\u00fctzen wir den SV Schwimmbad mit Kaffee und Kuchen, damit die L\u00e4ufer ihre verlorenen Kalorien wieder auff\u00fcllen k\u00f6nnen.<br>Im Netzwerk Engagement Gesundheit der Stadt Ober-Ramstadt sind wir auch mit im Boot.<br>2022 haben wir am Oktoberfest des Stadtorchesters die Verpflegung \u00fcbernommen und deshalb heute als Dankesch\u00f6n f\u00fcr unsere Arbeit eine Abordnung des Stadtorchesters hier.<br>Die Spende des Weihnachtsmarktes 2023 werden wir auf dem Europaplatz in Darmstadt an den Verein Herzenssache Odenwald \u00fcbergeben. An diesem Tag unterst\u00fctzen wir auch die Versorgung der Obdachlosen in Darmstadt mit unseren Kuchen und bringen gespendete Konserven mit.<br>Von den Frauenh\u00e4usern Gro\u00df- Gerau, Erbach, Bergstra\u00dfe und Dieburg soll ich mich im Namen aller M\u00fctter, Frauen und Kindern f\u00fcr die Weihnachtsp\u00e4ckchen bedanken.<br>Ihr seht bei uns ist immer was los\u2026Wir werden in Zukunft also keine Langeweile haben und immer aktiv sein.<br>Den Landwirten und ihren Familien aus unseren Reihen, w\u00fcnsche ich viel Erfolg und Kraft bei den aktuellen Demonstrationen. Ich hoffe, dass ihr am Ende endlich mal die Wertsch\u00e4tzung, die Anerkennung und die gerechte Bezahlung erhaltet wie ihr sie verdient habt. \u2026.und dass sich die gesamte Bev\u00f6lkerung bewusst wird, wie wichtig die Landwirtschaft in jeder Hinsicht f\u00fcr uns Alle ist. Wir hier im Landfrauenverein stehen auf jeden Fall hinter euch.<\/p>\n\n\n\n<p class=\"has-small-font-size\"><em>Sabine R\u00f6hl, 1. Vorsitzende am 10.01.24<\/em><\/p>\n\n\n\n<div style=\"height:var(--wp--preset--spacing--x-small)\" aria-hidden=\"true\" class=\"wp-block-spacer\"><\/div>\n\n\n\n<hr class=\"wp-block-separator has-alpha-channel-opacity\"\/>\n\n\n\n<div style=\"height:var(--wp--preset--spacing--x-small)\" aria-hidden=\"true\" class=\"wp-block-spacer\"><\/div>\n\n\n\n<p>Im Jahre 1949 haben sich 11 Ober-Ramst\u00e4dter Bauersfrauen zusammengeschlossen und den Landfrauenverein gegr\u00fcndet. Ort des Geschehens war beim Kellermichel in der Bahnhofstra\u00dfe.<br>Hier die Gr\u00fcndungsmitglieder: Elisabeth Fritsch, Elisabeth Hahn (Hahnelieschen), Lieschen Keller (Kellermichel), Elisabeth Lautz, Alma Messner, Dina M\u00fcller, Hilde Rodenh\u00e4user, Frieda Thiemann, Frieda Vierheller, Margarete Walter geb. Hahn, Elisabeth Wolf.<br>Den Vorsitz \u00fcbernahm damals Elisabeth Wolf. Darauf folgte Elisabeth Lautz, dann f\u00fcr kurze Zeit Margarete Rodenh\u00e4user (Tochter von Hilde und Emil Rodenh\u00e4user). Die jeweilige Zeitspanne ist hier nicht mehr genau zu rekonstruieren.<br>Von 1967 bis 1974 \u2013 1. Vorsitzende Ilse Muhl<br>Von 1974 bis 1989 \u2013 1. Vorsitzende Rosel Trautmann<br>Von 1989 bis 2001 \u2013 1. Vorsitzende Monika Bernhard<br>Von 2001 bis 2008 \u2013 ohne 1. Vorsitzende \u2013 G. Eberle u. B. Hahn leiten kommissarisch den Verein<br>Von 2008 bis \u2026 \u2013 1. Vorsitzende Gisela Eberle<br>Berta Hahn begleitete die 1. Vorsitzende als Stellvertreterin bereits seit den siebziger Jahren bis 2019.<br>Fr\u00fcher wurde regelm\u00e4\u00dfig bei dem Mitglied Gretchen Roth (Schlappegretche) in der Entengasse getroffen und sp\u00e4ter dann beim Geilsmetzger, bis die Wirtsleute das Lokal aufgaben. In der Haupterntezeit pausierten die Landfrauen mehrere Wochen, da einfach die Zeit f\u00fcr Vereinsaktivit\u00e4ten fehlte. Es war damals ja die \u00fcberwiegende Zahl der Mitglieder B\u00e4uerinnen.<br>Im Laufe der Jahre haben sich Frauen aus Klein-Bieberau, Rohrbach, Wembach-Hahn, Modau, M\u00fchltal und Georgenhausen dem Landfrauenverein angeschlossen.<br>1998 wurde zusammen mit dem Bauernverband Ober-Ramstadt auf dem Hof von Karl-Heinz und Monika Bernhard ein gro\u00dfes Sommerfest gefeiert. Der Bauernverband bestand 50 Jahre und die Landfrauen haben mitgefeiert, obwohl eigentlich erst im n\u00e4chsten Jahr das 50-j\u00e4hrige Jubil\u00e4um anstand.<br>Im Juni 2019 konnte man dann schon das 70-j\u00e4hrige Bestehen des Vereins mit vielen G\u00e4sten feiern. Der H\u00f6hepunkt im Jubil\u00e4umsjahr war allerdings die Gr\u00fcndung der Kindergruppe \u201eMini-Bienen\u201c.<br>Wir beteiligen uns mit unserem Landfrauencaf\u00e9 seit vielen Jahren bei der Kerb und beim Weihnachtsmarkt. Bauernm\u00e4rkte, Erntedankfeste und \u00e4hnliche Veranstaltungen wurden von uns mit organisiert und gestaltet. Bei der Gewerbemeile 2017 waren wir mit einem Info-Stand vertreten und boten unsere beliebten Waffeln an. Im gleichen Jahr wurden die Besucher beim Ober-Ramst\u00e4dter Mundartabend in der Stadthalle von uns mit kulinarischen K\u00f6stlichkeiten verw\u00f6hnt.<br>Unsere Treffen finden in den letzten Jahren an verschiedenen Orten statt, da wir auch unseren ausw\u00e4rtigen Mitgliedern entgegenkommen m\u00f6chten.<br>Jedes Jahr spenden wir einen Teil unseres Erl\u00f6ses f\u00fcr soziale Zwecke in Ober-Ramstadt und der Umgebung. In den letzten 25 Jahren sind viele Tausend Euro an Spenden zusammengekommen.<br>Mitgliederstand 2010: 38 Landfrauen<br>Mitgliederstand 2021: 59 Landfrauen \u2013 zus\u00e4tzlich 8 Mini-Bienen (Stand 11.07.2021)<\/p>\n\n\n\n<p class=\"has-small-font-size\"><em>gez. Gisela Eberle<\/em><\/p>\n","protected":false},"excerpt":{"rendered":"<p>Vor 5 Jahren feierten wir unser 70-j\u00e4hriges Jubil\u00e4um beim Hasenverein, mit einem gro\u00dfen R\u00fcckblick und vielen Bilder der fr\u00fcheren Jahre. Es ist unglaublich, wie schnell die Zeit vergangen ist.5 Jahre, in denen die Welt sich leider ganz sch\u00f6n ver\u00e4ndert hat und Vieles passiert ist. Aber heute wollen wir Positives berichten und der Fokus liegt auf &hellip; <\/p>\n<p class=\"link-more\"><a href=\"https:\/\/lfv.vintech.systems\/index.php\/was-bisher-geschah\/\" class=\"more-link\">Mehr <span class=\"screen-reader-text\">\u00fcber &#8222;75 Jahre Landfrauen Ober-Ramstadt&#8220; <\/span>Lesen<\/a><\/p>\n","protected":false},"author":1,"featured_media":0,"parent":0,"menu_order":0,"comment_status":"closed","ping_status":"closed","template":"","meta":{"inspiro_hide_title":false,"footnotes":""},"class_list":["post-88","page","type-page","status-publish","hentry"],"yoast_head":"<!-- This site is optimized with the Yoast SEO plugin v27.5 - https:\/\/yoast.com\/product\/yoast-seo-wordpress\/ -->\n<title>75 Jahre Landfrauen Ober-Ramstadt - LandFrauen Verein Ober-Ramstadt<\/title>\n<meta name=\"robots\" content=\"index, follow, max-snippet:-1, max-image-preview:large, max-video-preview:-1\" \/>\n<link rel=\"canonical\" href=\"https:\/\/lfv.vintech.systems\/index.php\/was-bisher-geschah\/\" \/>\n<meta property=\"og:locale\" content=\"de_DE\" \/>\n<meta property=\"og:type\" content=\"article\" \/>\n<meta property=\"og:title\" content=\"75 Jahre Landfrauen Ober-Ramstadt - LandFrauen Verein Ober-Ramstadt\" \/>\n<meta property=\"og:description\" content=\"Vor 5 Jahren feierten wir unser 70-j\u00e4hriges Jubil\u00e4um beim Hasenverein, mit einem gro\u00dfen R\u00fcckblick und vielen Bilder der fr\u00fcheren Jahre. Es ist unglaublich, wie schnell die Zeit vergangen ist.5 Jahre, in denen die Welt sich leider ganz sch\u00f6n ver\u00e4ndert hat und Vieles passiert ist. Aber heute wollen wir Positives berichten und der Fokus liegt auf &hellip; Mehr \u00fcber &quot;75 Jahre Landfrauen Ober-Ramstadt&quot; Lesen\" \/>\n<meta property=\"og:url\" content=\"https:\/\/lfv.vintech.systems\/index.php\/was-bisher-geschah\/\" \/>\n<meta property=\"og:site_name\" content=\"LandFrauen Verein Ober-Ramstadt\" \/>\n<meta property=\"article:modified_time\" content=\"2025-12-09T10:39:44+00:00\" \/>\n<meta name=\"twitter:card\" content=\"summary_large_image\" \/>\n<meta name=\"twitter:label1\" content=\"Gesch\u00e4tzte Lesezeit\" \/>\n\t<meta name=\"twitter:data1\" content=\"7\u00a0Minuten\" \/>\n<script type=\"application\/ld+json\" class=\"yoast-schema-graph\">{\"@context\":\"https:\\\/\\\/schema.org\",\"@graph\":[{\"@type\":\"WebPage\",\"@id\":\"https:\\\/\\\/lfv.vintech.systems\\\/index.php\\\/was-bisher-geschah\\\/\",\"url\":\"https:\\\/\\\/lfv.vintech.systems\\\/index.php\\\/was-bisher-geschah\\\/\",\"name\":\"75 Jahre Landfrauen Ober-Ramstadt - LandFrauen Verein Ober-Ramstadt\",\"isPartOf\":{\"@id\":\"https:\\\/\\\/lfv.vintech.systems\\\/#website\"},\"datePublished\":\"2025-12-09T10:09:09+00:00\",\"dateModified\":\"2025-12-09T10:39:44+00:00\",\"breadcrumb\":{\"@id\":\"https:\\\/\\\/lfv.vintech.systems\\\/index.php\\\/was-bisher-geschah\\\/#breadcrumb\"},\"inLanguage\":\"de\",\"potentialAction\":[{\"@type\":\"ReadAction\",\"target\":[\"https:\\\/\\\/lfv.vintech.systems\\\/index.php\\\/was-bisher-geschah\\\/\"]}]},{\"@type\":\"BreadcrumbList\",\"@id\":\"https:\\\/\\\/lfv.vintech.systems\\\/index.php\\\/was-bisher-geschah\\\/#breadcrumb\",\"itemListElement\":[{\"@type\":\"ListItem\",\"position\":1,\"name\":\"Startseite\",\"item\":\"https:\\\/\\\/lfv.vintech.systems\\\/\"},{\"@type\":\"ListItem\",\"position\":2,\"name\":\"75 Jahre Landfrauen Ober-Ramstadt\"}]},{\"@type\":\"WebSite\",\"@id\":\"https:\\\/\\\/lfv.vintech.systems\\\/#website\",\"url\":\"https:\\\/\\\/lfv.vintech.systems\\\/\",\"name\":\"LandFrauen Verein Ober-Ramstadt\",\"description\":\"\",\"publisher\":{\"@id\":\"https:\\\/\\\/lfv.vintech.systems\\\/#organization\"},\"potentialAction\":[{\"@type\":\"SearchAction\",\"target\":{\"@type\":\"EntryPoint\",\"urlTemplate\":\"https:\\\/\\\/lfv.vintech.systems\\\/?s={search_term_string}\"},\"query-input\":{\"@type\":\"PropertyValueSpecification\",\"valueRequired\":true,\"valueName\":\"search_term_string\"}}],\"inLanguage\":\"de\"},{\"@type\":\"Organization\",\"@id\":\"https:\\\/\\\/lfv.vintech.systems\\\/#organization\",\"name\":\"LandFrauen Verein Ober-Ramstadt\",\"url\":\"https:\\\/\\\/lfv.vintech.systems\\\/\",\"logo\":{\"@type\":\"ImageObject\",\"inLanguage\":\"de\",\"@id\":\"https:\\\/\\\/lfv.vintech.systems\\\/#\\\/schema\\\/logo\\\/image\\\/\",\"url\":\"https:\\\/\\\/lfv.vintech.systems\\\/wp-content\\\/uploads\\\/2025\\\/12\\\/cropped-logo-gross-1.png\",\"contentUrl\":\"https:\\\/\\\/lfv.vintech.systems\\\/wp-content\\\/uploads\\\/2025\\\/12\\\/cropped-logo-gross-1.png\",\"width\":453,\"height\":174,\"caption\":\"LandFrauen Verein Ober-Ramstadt\"},\"image\":{\"@id\":\"https:\\\/\\\/lfv.vintech.systems\\\/#\\\/schema\\\/logo\\\/image\\\/\"}}]}<\/script>\n<!-- \/ Yoast SEO plugin. -->","yoast_head_json":{"title":"75 Jahre Landfrauen Ober-Ramstadt - LandFrauen Verein Ober-Ramstadt","robots":{"index":"index","follow":"follow","max-snippet":"max-snippet:-1","max-image-preview":"max-image-preview:large","max-video-preview":"max-video-preview:-1"},"canonical":"https:\/\/lfv.vintech.systems\/index.php\/was-bisher-geschah\/","og_locale":"de_DE","og_type":"article","og_title":"75 Jahre Landfrauen Ober-Ramstadt - LandFrauen Verein Ober-Ramstadt","og_description":"Vor 5 Jahren feierten wir unser 70-j\u00e4hriges Jubil\u00e4um beim Hasenverein, mit einem gro\u00dfen R\u00fcckblick und vielen Bilder der fr\u00fcheren Jahre. Es ist unglaublich, wie schnell die Zeit vergangen ist.5 Jahre, in denen die Welt sich leider ganz sch\u00f6n ver\u00e4ndert hat und Vieles passiert ist. Aber heute wollen wir Positives berichten und der Fokus liegt auf &hellip; Mehr \u00fcber \"75 Jahre Landfrauen Ober-Ramstadt\" Lesen","og_url":"https:\/\/lfv.vintech.systems\/index.php\/was-bisher-geschah\/","og_site_name":"LandFrauen Verein Ober-Ramstadt","article_modified_time":"2025-12-09T10:39:44+00:00","twitter_card":"summary_large_image","twitter_misc":{"Gesch\u00e4tzte Lesezeit":"7\u00a0Minuten"},"schema":{"@context":"https:\/\/schema.org","@graph":[{"@type":"WebPage","@id":"https:\/\/lfv.vintech.systems\/index.php\/was-bisher-geschah\/","url":"https:\/\/lfv.vintech.systems\/index.php\/was-bisher-geschah\/","name":"75 Jahre Landfrauen Ober-Ramstadt - LandFrauen Verein Ober-Ramstadt","isPartOf":{"@id":"https:\/\/lfv.vintech.systems\/#website"},"datePublished":"2025-12-09T10:09:09+00:00","dateModified":"2025-12-09T10:39:44+00:00","breadcrumb":{"@id":"https:\/\/lfv.vintech.systems\/index.php\/was-bisher-geschah\/#breadcrumb"},"inLanguage":"de","potentialAction":[{"@type":"ReadAction","target":["https:\/\/lfv.vintech.systems\/index.php\/was-bisher-geschah\/"]}]},{"@type":"BreadcrumbList","@id":"https:\/\/lfv.vintech.systems\/index.php\/was-bisher-geschah\/#breadcrumb","itemListElement":[{"@type":"ListItem","position":1,"name":"Startseite","item":"https:\/\/lfv.vintech.systems\/"},{"@type":"ListItem","position":2,"name":"75 Jahre Landfrauen Ober-Ramstadt"}]},{"@type":"WebSite","@id":"https:\/\/lfv.vintech.systems\/#website","url":"https:\/\/lfv.vintech.systems\/","name":"LandFrauen Verein Ober-Ramstadt","description":"","publisher":{"@id":"https:\/\/lfv.vintech.systems\/#organization"},"potentialAction":[{"@type":"SearchAction","target":{"@type":"EntryPoint","urlTemplate":"https:\/\/lfv.vintech.systems\/?s={search_term_string}"},"query-input":{"@type":"PropertyValueSpecification","valueRequired":true,"valueName":"search_term_string"}}],"inLanguage":"de"},{"@type":"Organization","@id":"https:\/\/lfv.vintech.systems\/#organization","name":"LandFrauen Verein Ober-Ramstadt","url":"https:\/\/lfv.vintech.systems\/","logo":{"@type":"ImageObject","inLanguage":"de","@id":"https:\/\/lfv.vintech.systems\/#\/schema\/logo\/image\/","url":"https:\/\/lfv.vintech.systems\/wp-content\/uploads\/2025\/12\/cropped-logo-gross-1.png","contentUrl":"https:\/\/lfv.vintech.systems\/wp-content\/uploads\/2025\/12\/cropped-logo-gross-1.png","width":453,"height":174,"caption":"LandFrauen Verein Ober-Ramstadt"},"image":{"@id":"https:\/\/lfv.vintech.systems\/#\/schema\/logo\/image\/"}}]}},"_links":{"self":[{"href":"https:\/\/lfv.vintech.systems\/index.php\/wp-json\/wp\/v2\/pages\/88","targetHints":{"allow":["GET"]}}],"collection":[{"href":"https:\/\/lfv.vintech.systems\/index.php\/wp-json\/wp\/v2\/pages"}],"about":[{"href":"https:\/\/lfv.vintech.systems\/index.php\/wp-json\/wp\/v2\/types\/page"}],"author":[{"embeddable":true,"href":"https:\/\/lfv.vintech.systems\/index.php\/wp-json\/wp\/v2\/users\/1"}],"replies":[{"embeddable":true,"href":"https:\/\/lfv.vintech.systems\/index.php\/wp-json\/wp\/v2\/comments?post=88"}],"version-history":[{"count":8,"href":"https:\/\/lfv.vintech.systems\/index.php\/wp-json\/wp\/v2\/pages\/88\/revisions"}],"predecessor-version":[{"id":103,"href":"https:\/\/lfv.vintech.systems\/index.php\/wp-json\/wp\/v2\/pages\/88\/revisions\/103"}],"wp:attachment":[{"href":"https:\/\/lfv.vintech.systems\/index.php\/wp-json\/wp\/v2\/media?parent=88"}],"curies":[{"name":"wp","href":"https:\/\/api.w.org\/{rel}","templated":true}]}}